{"id":1640,"date":"2019-12-19T11:14:09","date_gmt":"2019-12-19T09:14:09","guid":{"rendered":"http:\/\/www.paysansantigone.fr\/?page_id=1640"},"modified":"2023-03-17T10:25:15","modified_gmt":"2023-03-17T08:25:15","slug":"fruits-et-legumes","status":"publish","type":"page","link":"https:\/\/www.paysansantigone.fr\/?page_id=1640","title":{"rendered":"Fruits et l\u00e9gumes"},"content":{"rendered":"\n<h2 class=\"wp-block-heading\">Alain SAQUET | Mara\u00eecher<\/h2>\n\n\n\n<div class=\"wp-block-media-text alignwide\" style=\"grid-template-columns:33% auto\"><figure class=\"wp-block-media-text__media\"><img loading=\"lazy\" decoding=\"async\" width=\"336\" height=\"340\" src=\"http:\/\/www.paysansantigone.fr\/wp-content\/mesimages\/ALAIN-SAQUET-CERCLE.png\" alt=\"\" class=\"wp-image-1641 size-full\" srcset=\"https:\/\/www.paysansantigone.fr\/wp-content\/mesimages\/ALAIN-SAQUET-CERCLE.png 336w, https:\/\/www.paysansantigone.fr\/wp-content\/mesimages\/ALAIN-SAQUET-CERCLE-316x320.png 316w\" sizes=\"auto, (max-width: 336px) 100vw, 336px\" \/><\/figure><div class=\"wp-block-media-text__content\">\n<p class=\"has-medium-font-size\">Alain SAQUET vous propose des fruits, des l\u00e9gumes et des fleurs de saisons.<\/p>\n<\/div><\/div>\n\n\n\n<hr class=\"wp-block-separator has-css-opacity\"\/>\n\n\n\n<h2 class=\"wp-block-heading\">Chantal GAZAGNES | Arboricultrice<\/h2>\n\n\n\n<div class=\"wp-block-media-text alignwide has-media-on-the-right\" style=\"grid-template-columns:auto 35%\"><div class=\"wp-block-media-text__content\">\n<p class=\"has-medium-font-size\">Chantal GAZAGNES vous propose les fruits de saison cultiv\u00e9s par la famille depuis 2 g\u00e9n\u00e9rations : des kiwis, kakis, fuyus, pommes, poires, raisins, courges, past\u00e8ques, chayottes et fe\u00efjoas.<\/p>\n\n\n\n<p class=\"has-medium-font-size\">Contact:<br>Mobile : 06 12 51 19 30<br>E-mail : <a href=\"chantal.gazagnes.cg@orange.fr\" target=\"_blank\" rel=\"noreferrer noopener\" aria-label=\"chantal.gazagnes.cg@orange.fr (s\u2019ouvre dans un nouvel onglet)\">chantal.gazagnes.cg@orange.fr<\/a><\/p>\n<\/div><figure class=\"wp-block-media-text__media\"><img loading=\"lazy\" decoding=\"async\" width=\"336\" height=\"340\" src=\"http:\/\/www.paysansantigone.fr\/wp-content\/mesimages\/CHANTAL-GAZAGNES-CERCLE.png\" alt=\"\" class=\"wp-image-1642 size-full\" srcset=\"https:\/\/www.paysansantigone.fr\/wp-content\/mesimages\/CHANTAL-GAZAGNES-CERCLE.png 336w, https:\/\/www.paysansantigone.fr\/wp-content\/mesimages\/CHANTAL-GAZAGNES-CERCLE-316x320.png 316w\" sizes=\"auto, (max-width: 336px) 100vw, 336px\" \/><\/figure><\/div>\n\n\n\n<hr class=\"wp-block-separator has-css-opacity\"\/>\n\n\n\n<h2 class=\"wp-block-heading\">Christine LANAVE | Arboricultrice<\/h2>\n\n\n\n<div class=\"wp-block-media-text alignwide\" style=\"grid-template-columns:37% auto\"><figure class=\"wp-block-media-text__media\"><img loading=\"lazy\" decoding=\"async\" width=\"336\" height=\"340\" src=\"http:\/\/www.paysansantigone.fr\/wp-content\/mesimages\/CHRISTINE-LANAVE-CERCLE.png\" alt=\"\" class=\"wp-image-1643 size-full\" srcset=\"https:\/\/www.paysansantigone.fr\/wp-content\/mesimages\/CHRISTINE-LANAVE-CERCLE.png 336w, https:\/\/www.paysansantigone.fr\/wp-content\/mesimages\/CHRISTINE-LANAVE-CERCLE-316x320.png 316w\" sizes=\"auto, (max-width: 336px) 100vw, 336px\" \/><\/figure><div class=\"wp-block-media-text__content\">\n<p class=\"has-medium-font-size\">Christine LANAVE vous propose des fruits (cerises, p\u00eaches, abricots, pommes, coings, raisins, figues), des olives, de l\u2019huile, des c\u00e8pes et du vin.<\/p>\n\n\n\n<p class=\"has-medium-font-size\">Contact:<br>T\u00e9l\u00e9phone : 04 67 57 44 90 <br>Mobile : 06 87 43 68 13 <br>E-mail : <a rel=\"noreferrer noopener\" aria-label=\"christine_thierry34@hotmail.fr  (s\u2019ouvre dans un nouvel onglet)\" href=\"http:\/\/christine_thierry34@hotmail.fr\" target=\"_blank\">christine_thierry34@hotmail.fr <\/a><\/p>\n<\/div><\/div>\n\n\n\n<hr class=\"wp-block-separator has-css-opacity\"\/>\n\n\n\n<h2 class=\"wp-block-heading\">Damien SIMON | Mara\u00eecher bio<\/h2>\n\n\n\n<div class=\"wp-block-media-text alignwide has-media-on-the-right\" style=\"grid-template-columns:auto 37%\"><div class=\"wp-block-media-text__content\">\n<p class=\"has-text-align-left has-medium-font-size\">Damien vous propose des l\u00e9gumes de saison issus de l\u2019agriculture biologique.<\/p>\n\n\n\n<p class=\"has-medium-font-size\">Contact :<br>Mobile : 06 85 20 85 38 <br>E-mail : <a rel=\"noreferrer noopener\" aria-label=\"dams.simon@laposte.net  (s\u2019ouvre dans un nouvel onglet)\" href=\"http:\/\/dams.simon@laposte.net\" target=\"_blank\">sidamo@live.fr<\/a><\/p>\n<\/div><figure class=\"wp-block-media-text__media\"><img loading=\"lazy\" decoding=\"async\" width=\"336\" height=\"340\" src=\"http:\/\/www.paysansantigone.fr\/wp-content\/mesimages\/SIMON-DAMIEN-CERCLE.png\" alt=\"\" class=\"wp-image-1656 size-full\" srcset=\"https:\/\/www.paysansantigone.fr\/wp-content\/mesimages\/SIMON-DAMIEN-CERCLE.png 336w, https:\/\/www.paysansantigone.fr\/wp-content\/mesimages\/SIMON-DAMIEN-CERCLE-316x320.png 316w\" sizes=\"auto, (max-width: 336px) 100vw, 336px\" \/><\/figure><\/div>\n\n\n\n<hr class=\"wp-block-separator has-css-opacity\"\/>\n\n\n\n<h2 class=\"wp-block-heading\">Denis MAUREL | Mara\u00eecher<\/h2>\n\n\n\n<div class=\"wp-block-media-text alignwide\" style=\"grid-template-columns:37% auto\"><figure class=\"wp-block-media-text__media\"><img loading=\"lazy\" decoding=\"async\" width=\"336\" height=\"340\" src=\"http:\/\/www.paysansantigone.fr\/wp-content\/mesimages\/DENIS-MAUREL-CERCLE.png\" alt=\"\" class=\"wp-image-1644 size-full\" srcset=\"https:\/\/www.paysansantigone.fr\/wp-content\/mesimages\/DENIS-MAUREL-CERCLE.png 336w, https:\/\/www.paysansantigone.fr\/wp-content\/mesimages\/DENIS-MAUREL-CERCLE-316x320.png 316w\" sizes=\"auto, (max-width: 336px) 100vw, 336px\" \/><\/figure><div class=\"wp-block-media-text__content\">\n<p class=\"has-medium-font-size\">Denis MAUREL vous propose des l\u00e9gumes de saison. <\/p>\n<\/div><\/div>\n\n\n\n<hr class=\"wp-block-separator has-css-opacity\"\/>\n\n\n\n<h2 class=\"wp-block-heading\">Elise BRECHARD | Mara\u00eech\u00e8re<\/h2>\n\n\n\n<div class=\"wp-block-media-text alignwide has-media-on-the-right\" style=\"grid-template-columns:auto 37%\"><div class=\"wp-block-media-text__content\">\n<p class=\"has-medium-font-size\">Jeune agricultrice en culture raisonn\u00e9e, je vous propose des fruits et l\u00e9gumes de saison.<\/p>\n\n\n\n<p class=\"has-medium-font-size\">Contact :<br>Mobile : 06 73 17 33 18<br>E-mail : <a rel=\"noreferrer noopener\" aria-label=\"aumarchedelise@gmail.com (s\u2019ouvre dans un nouvel onglet)\" href=\"aumarchedelise@gmail.com\" target=\"_blank\">aumarchedelise@gmail.com<\/a> <br>Facebook :  <br><a href=\"https:\/\/www.facebook.com\/aumarchedelise\/\">https:\/\/www.facebook.com\/aumarchedelise\/<\/a> <\/p>\n<\/div><figure class=\"wp-block-media-text__media\"><img loading=\"lazy\" decoding=\"async\" width=\"336\" height=\"340\" src=\"http:\/\/www.paysansantigone.fr\/wp-content\/mesimages\/ELISE-BRECHARD-CERCLE.png\" alt=\"\" class=\"wp-image-1645 size-full\" srcset=\"https:\/\/www.paysansantigone.fr\/wp-content\/mesimages\/ELISE-BRECHARD-CERCLE.png 336w, https:\/\/www.paysansantigone.fr\/wp-content\/mesimages\/ELISE-BRECHARD-CERCLE-316x320.png 316w\" sizes=\"auto, (max-width: 336px) 100vw, 336px\" \/><\/figure><\/div>\n\n\n\n<hr class=\"wp-block-separator has-css-opacity\"\/>\n\n\n\n<h2 class=\"wp-block-heading\">GAEC des Cambi\u00e8res | Arboriculteurs<\/h2>\n\n\n\n<div class=\"wp-block-media-text alignwide\" style=\"grid-template-columns:36% auto\"><figure class=\"wp-block-media-text__media\"><img loading=\"lazy\" decoding=\"async\" width=\"336\" height=\"340\" src=\"http:\/\/www.paysansantigone.fr\/wp-content\/mesimages\/GAEC-DES-CAMBRIERES-CERCLE.png\" alt=\"\" class=\"wp-image-1646 size-full\" srcset=\"https:\/\/www.paysansantigone.fr\/wp-content\/mesimages\/GAEC-DES-CAMBRIERES-CERCLE.png 336w, https:\/\/www.paysansantigone.fr\/wp-content\/mesimages\/GAEC-DES-CAMBRIERES-CERCLE-316x320.png 316w\" sizes=\"auto, (max-width: 336px) 100vw, 336px\" \/><\/figure><div class=\"wp-block-media-text__content\">\n<p class=\"has-medium-font-size\">Christel et Lionel SALLES vous proposent des pommes reinettes du Vigan, poires, du jus de pommes, oignons doux des C\u00e9vennes, ch\u00e2taignes et noix.<br>Pommes et poires en conversions bio.<\/p>\n\n\n\n<p class=\"has-medium-font-size\">Contact :<br>T\u00e9l\u00e9phone : 04 67 81 02 91<br>E-mail : gaec-des-cambieres@orange.fr<\/p>\n<\/div><\/div>\n\n\n\n<hr class=\"wp-block-separator has-css-opacity\"\/>\n\n\n\n<h2 class=\"wp-block-heading\">G\u00e9rard ALMERAS | Champignons et baies<\/h2>\n\n\n\n<div class=\"wp-block-media-text alignwide has-media-on-the-right\" style=\"grid-template-columns:auto 37%\"><div class=\"wp-block-media-text__content\">\n<p class=\"has-text-align-left has-medium-font-size\">G\u00e9rard ALMERAS vous propose de fin ao\u00fbt \u00e0 d\u00e9but novembre : ses c\u00e8pes et lactaires de Loz\u00e8re.<br><\/p>\n<\/div><figure class=\"wp-block-media-text__media\"><img loading=\"lazy\" decoding=\"async\" width=\"336\" height=\"340\" src=\"http:\/\/www.paysansantigone.fr\/wp-content\/mesimages\/GERARD-ALMERAS-CERCLE.png\" alt=\"\" class=\"wp-image-1647 size-full\" srcset=\"https:\/\/www.paysansantigone.fr\/wp-content\/mesimages\/GERARD-ALMERAS-CERCLE.png 336w, https:\/\/www.paysansantigone.fr\/wp-content\/mesimages\/GERARD-ALMERAS-CERCLE-316x320.png 316w\" sizes=\"auto, (max-width: 336px) 100vw, 336px\" \/><\/figure><\/div>\n\n\n\n<hr class=\"wp-block-separator has-css-opacity\"\/>\n\n\n\n<h2 class=\"wp-block-heading\">Jean-Claude CAPO | Mara\u00eecher<\/h2>\n\n\n\n<div class=\"wp-block-media-text alignwide\" style=\"grid-template-columns:33% auto\"><figure class=\"wp-block-media-text__media\"><img loading=\"lazy\" decoding=\"async\" width=\"336\" height=\"340\" src=\"http:\/\/www.paysansantigone.fr\/wp-content\/mesimages\/JEAN-CLAUDE-CAPO-CERCLE.png\" alt=\"\" class=\"wp-image-1648 size-full\" srcset=\"https:\/\/www.paysansantigone.fr\/wp-content\/mesimages\/JEAN-CLAUDE-CAPO-CERCLE.png 336w, https:\/\/www.paysansantigone.fr\/wp-content\/mesimages\/JEAN-CLAUDE-CAPO-CERCLE-316x320.png 316w\" sizes=\"auto, (max-width: 336px) 100vw, 336px\" \/><\/figure><div class=\"wp-block-media-text__content\">\n<p class=\"has-text-align-left has-medium-font-size\">Jean-Claude CAPO vous propose des fruits et des l\u00e9gumes de saison.<\/p>\n\n\n\n<p class=\"has-medium-font-size\">Contact :<br>Mobile : 06 62 07 12 77 <br>E-mail : <a href=\"http:\/\/jccapo@terre-net.fr\" target=\"_blank\" rel=\"noreferrer noopener\" aria-label=\" (s\u2019ouvre dans un nouvel onglet)\">jccapo@terre-net.fr <\/a><\/p>\n<\/div><\/div>\n\n\n\n<hr class=\"wp-block-separator has-css-opacity\"\/>\n\n\n\n<h2 class=\"wp-block-heading\">Jean-Pierre SUTRA | Ails et oignons<\/h2>\n\n\n\n<div class=\"wp-block-media-text alignwide has-media-on-the-right\" style=\"grid-template-columns:auto 33%\"><div class=\"wp-block-media-text__content\">\n<p class=\"has-text-align-left has-medium-font-size\">Jean-Pierre SUTRA vous propose toutes vari\u00e9t\u00e9s d\u2019oignon doux, du frais au sec, pomme de terre de vari\u00e9t\u00e9 \u00ab la monalisa \u00bb et plusieurs vari\u00e9t\u00e9s d\u2019\u00e9chalotes. Mais aussi des tomates de plein champ, du persil, ail violet et ail rose, de la confiture&nbsp; d\u2019oignons doux, melons et citron.<\/p>\n\n\n\n<p class=\"has-medium-font-size\">Contact :<br>T\u00e9l\u00e9phone : 04 67 94 93 49<br>Mobile : 06 83 55 43 18 <\/p>\n<\/div><figure class=\"wp-block-media-text__media\"><img loading=\"lazy\" decoding=\"async\" width=\"336\" height=\"340\" src=\"http:\/\/www.paysansantigone.fr\/wp-content\/mesimages\/JEAN-PIERRE-SUTRA-CERCLE.png\" alt=\"\" class=\"wp-image-1649 size-full\" srcset=\"https:\/\/www.paysansantigone.fr\/wp-content\/mesimages\/JEAN-PIERRE-SUTRA-CERCLE.png 336w, https:\/\/www.paysansantigone.fr\/wp-content\/mesimages\/JEAN-PIERRE-SUTRA-CERCLE-316x320.png 316w\" sizes=\"auto, (max-width: 336px) 100vw, 336px\" \/><\/figure><\/div>\n\n\n\n<hr class=\"wp-block-separator has-css-opacity\"\/>\n\n\n\n<h2 class=\"wp-block-heading\">Les Canotiers | Mara\u00eecher et arboriculteur bio<\/h2>\n\n\n\n<p>Marine et J\u00e9r\u00e9mie sont install\u00e9s en mara\u00eechage diversifi\u00e9 et arboriculture en agriculture biologique sur la commune de Lansargues. Ils produisent toute l&rsquo;ann\u00e9e. <\/p>\n\n\n\n<p>L\u00e9gumes et fruits propos\u00e9s : Tomate, aubergine, poivron, courgette, melon, salade, m\u00e2che, pourpier, roquette, choux (chou-fleur, brocoli, rouge, vert, crudit\u00e9&#8230;), l\u00e9gumes asiatiques (pak cho\u00ef, komatsuna&#8230;), blette, fenouil, navet, carotte, \u00e9pinard, oignons, petits pois, haricots verts, pomme, cerise, prune &#8230;<\/p>\n\n\n\n<p>Contact :<br>T\u00e9l\u00e9phone : 0614703069<br>email: lescanotiers34130@gmail.com<\/p>\n\n\n<div class=\"wp-block-image is-style-rounded\">\n<figure class=\"alignleft size-large\"><img loading=\"lazy\" decoding=\"async\" width=\"1024\" height=\"768\" src=\"http:\/\/www.paysansantigone.fr\/wp-content\/mesimages\/23-03-1-1024x768.jpg\" alt=\"\" class=\"wp-image-2036\" srcset=\"https:\/\/www.paysansantigone.fr\/wp-content\/mesimages\/23-03-1-1024x768.jpg 1024w, https:\/\/www.paysansantigone.fr\/wp-content\/mesimages\/23-03-1-320x240.jpg 320w, https:\/\/www.paysansantigone.fr\/wp-content\/mesimages\/23-03-1-768x576.jpg 768w, https:\/\/www.paysansantigone.fr\/wp-content\/mesimages\/23-03-1-1536x1152.jpg 1536w, https:\/\/www.paysansantigone.fr\/wp-content\/mesimages\/23-03-1-2048x1536.jpg 2048w\" sizes=\"auto, (max-width: 1024px) 100vw, 1024px\" \/><\/figure>\n<\/div>\n\n\n<p><\/p>\n\n\n\n<h2 class=\"wp-block-heading\">LOU DEBES | Mara\u00eecher bio<\/h2>\n\n\n\n<div class=\"wp-block-media-text alignwide\" style=\"grid-template-columns:34% auto\"><figure class=\"wp-block-media-text__media\"><img loading=\"lazy\" decoding=\"async\" width=\"336\" height=\"340\" src=\"http:\/\/www.paysansantigone.fr\/wp-content\/mesimages\/LOUD-DEBES-CERCLE.png\" alt=\"\" class=\"wp-image-1659 size-full\" srcset=\"https:\/\/www.paysansantigone.fr\/wp-content\/mesimages\/LOUD-DEBES-CERCLE.png 336w, https:\/\/www.paysansantigone.fr\/wp-content\/mesimages\/LOUD-DEBES-CERCLE-316x320.png 316w\" sizes=\"auto, (max-width: 336px) 100vw, 336px\" \/><\/figure><div class=\"wp-block-media-text__content\">\n<p class=\"has-text-align-left has-medium-font-size\">J\u00e9r\u00f4me MARTINEZ cultive ses fruits et l\u00e9gumes \u00e0 Argelliers (H\u00e9rault).<br>Il vous propose suivant les saisons fruits, l\u00e9gumes issus de l\u2019agriculture Biologique (certifi\u00e9 par Ecocert). Il transforme \u00e9galement des plantes aromatiques afin de fabriquer des sirops et des gel\u00e9es.<\/p>\n\n\n\n<p class=\"has-medium-font-size\">Contact :<br>E-mail : <a href=\"34.loudebes@gmail.com\" target=\"_blank\" rel=\"noreferrer noopener\" aria-label=\"34.loudebes@gmail.com (s\u2019ouvre dans un nouvel onglet)\">34.loudebes@gmail.com<\/a> <\/p>\n<\/div><\/div>\n\n\n\n<hr class=\"wp-block-separator has-css-opacity\"\/>\n\n\n\n<h2 class=\"wp-block-heading\">Marc HUGOUNENQ | Arboriculteur<\/h2>\n\n\n\n<div class=\"wp-block-media-text alignwide has-media-on-the-right\" style=\"grid-template-columns:auto 35%\"><div class=\"wp-block-media-text__content\">\n<p class=\"has-text-align-left has-medium-font-size\">Marc HUGOUNENQ vous propose des fruits (cerises, p\u00e8ches, abricots, melons, olives \u00ab lucques \u00bb, huiles d\u2019olive, prunes, coings) de Juin \u00e0 Septembre. <\/p>\n\n\n\n<p class=\"has-medium-font-size\">Contact :<br>T\u00e9l\u00e9phone : 04 67 44 08 06 <br>Mobile : 06 20 95 53 50 <\/p>\n<\/div><figure class=\"wp-block-media-text__media\"><img loading=\"lazy\" decoding=\"async\" width=\"336\" height=\"340\" src=\"http:\/\/www.paysansantigone.fr\/wp-content\/mesimages\/MARC-HUGOUNENQ-CERCLE.png\" alt=\"\" class=\"wp-image-1650 size-full\" srcset=\"https:\/\/www.paysansantigone.fr\/wp-content\/mesimages\/MARC-HUGOUNENQ-CERCLE.png 336w, https:\/\/www.paysansantigone.fr\/wp-content\/mesimages\/MARC-HUGOUNENQ-CERCLE-316x320.png 316w\" sizes=\"auto, (max-width: 336px) 100vw, 336px\" \/><\/figure><\/div>\n\n\n\n<hr class=\"wp-block-separator has-css-opacity\"\/>\n\n\n\n<h2 class=\"wp-block-heading\">Philippe et Christine BRECHARD | Arboriculteurs<\/h2>\n\n\n\n<div class=\"wp-block-media-text alignwide\" style=\"grid-template-columns:35% auto\"><figure class=\"wp-block-media-text__media\"><img loading=\"lazy\" decoding=\"async\" width=\"336\" height=\"340\" src=\"http:\/\/www.paysansantigone.fr\/wp-content\/mesimages\/PHILIPPE-CHRISTINE-BRECHARD-CERCLE-1.png\" alt=\"\" class=\"wp-image-1846 size-full\" srcset=\"https:\/\/www.paysansantigone.fr\/wp-content\/mesimages\/PHILIPPE-CHRISTINE-BRECHARD-CERCLE-1.png 336w, https:\/\/www.paysansantigone.fr\/wp-content\/mesimages\/PHILIPPE-CHRISTINE-BRECHARD-CERCLE-1-316x320.png 316w, https:\/\/www.paysansantigone.fr\/wp-content\/mesimages\/PHILIPPE-CHRISTINE-BRECHARD-CERCLE-1-60x60.png 60w\" sizes=\"auto, (max-width: 336px) 100vw, 336px\" \/><\/figure><div class=\"wp-block-media-text__content\">\n<p class=\"has-text-align-left has-medium-font-size\">Christine et Philippe vous proposent leurs fruits et l\u00e9gumes de saison issus de l\u2019agriculture raisonn\u00e9e ou non trait\u00e9s.<\/p>\n\n\n\n<p class=\"has-medium-font-size\">Contact :<br>Mobile : 06 17 63 30 05 <br>E-mail : <a href=\"brechardcpro@gmail.com\" target=\"_blank\" rel=\"noreferrer noopener\" aria-label=\"brechardcpro@gmail.com (s\u2019ouvre dans un nouvel onglet)\">brechardcpro@gmail.com<\/a><\/p>\n<\/div><\/div>\n\n\n\n<hr class=\"wp-block-separator has-css-opacity\"\/>\n\n\n\n<h2 class=\"wp-block-heading\">Pierrette et Daniel GARCIA | Arboriculteurs<\/h2>\n\n\n\n<div class=\"wp-block-media-text alignwide has-media-on-the-right\" style=\"grid-template-columns:auto 36%\"><div class=\"wp-block-media-text__content\">\n<p class=\"has-text-align-left has-medium-font-size\">Pierrette et Daniel GARCIA vous propose des fruits (abricots, p\u00eaches, brugnons, tomates, raisins, figues, fraises) et des l\u00e9gumes de saison de Mars \u00e0 Octobre. Jus de fruits et confitures viennent compl\u00e9ter la gamme.<\/p>\n\n\n\n<p class=\"has-medium-font-size\">Contact :<br>T\u00e9l\u00e9phone : 04 67 78 07 62 <br>Mobile : 06 23 81 18 15 <br><\/p>\n<\/div><figure class=\"wp-block-media-text__media\"><img loading=\"lazy\" decoding=\"async\" width=\"336\" height=\"340\" src=\"http:\/\/www.paysansantigone.fr\/wp-content\/mesimages\/PIERRETTE-DANIEL-GARCIA-CERCLE.png\" alt=\"\" class=\"wp-image-1652 size-full\" srcset=\"https:\/\/www.paysansantigone.fr\/wp-content\/mesimages\/PIERRETTE-DANIEL-GARCIA-CERCLE.png 336w, https:\/\/www.paysansantigone.fr\/wp-content\/mesimages\/PIERRETTE-DANIEL-GARCIA-CERCLE-316x320.png 316w\" sizes=\"auto, (max-width: 336px) 100vw, 336px\" \/><\/figure><\/div>\n\n\n\n<hr class=\"wp-block-separator has-css-opacity\"\/>\n\n\n\n<h2 class=\"wp-block-heading\">SCEA La B\u00e9reng\u00e8re | Arboriculteur<\/h2>\n\n\n\n<div class=\"wp-block-media-text alignwide has-media-on-the-right\" style=\"grid-template-columns:auto 36%\"><div class=\"wp-block-media-text__content\">\n<p class=\"has-text-align-left has-medium-font-size\">Pierre JACQUET vous propose le Fuyu (cousin du kaki mais non astringent), le Feijda (famille de la goyave), et le coing. <\/p>\n\n\n\n<p class=\"has-medium-font-size\">Contact :<br>T\u00e9l\u00e9phone : 04 68 46 11 41  <br>E-mail : <a href=\"http:\/\/sarllaberengere@orange.fr\" target=\"_blank\" rel=\"noreferrer noopener\" aria-label=\" (s\u2019ouvre dans un nouvel onglet)\">sarllaberengere@orange.fr <\/a><\/p>\n<\/div><figure class=\"wp-block-media-text__media\"><img loading=\"lazy\" decoding=\"async\" width=\"336\" height=\"340\" src=\"http:\/\/www.paysansantigone.fr\/wp-content\/mesimages\/SCEA-LA-BERENGERE-CERCLE.png\" alt=\"\" class=\"wp-image-1654 size-full\" srcset=\"https:\/\/www.paysansantigone.fr\/wp-content\/mesimages\/SCEA-LA-BERENGERE-CERCLE.png 336w, https:\/\/www.paysansantigone.fr\/wp-content\/mesimages\/SCEA-LA-BERENGERE-CERCLE-316x320.png 316w\" sizes=\"auto, (max-width: 336px) 100vw, 336px\" \/><\/figure><\/div>\n\n\n\n<hr class=\"wp-block-separator has-css-opacity\"\/>\n\n\n\n<h2 class=\"wp-block-heading\">TERRES PAYSANNES |Mara\u00eecher et Arboriculteur<\/h2>\n\n\n\n<p>Production de l\u00e9gumes , plantes m\u00e9dicinales et aromatiques et quelques fruits , en Agriculture Biologique. Vente exclusivement de notre production.<\/p>\n\n\n\n<p>Contact :<br>T\u00e9l\u00e9phone: 677731948<br>E-mail : <a rel=\"noreferrer noopener\" href=\"http:\/\/valerie.vialla0260@orange.fr\" target=\"_blank\">lucie.baret@yahoo.fr<\/a><br>Site : <a href=\"https:\/\/www.facebook.com\/Terres-Paysannes-448603101968202\">https:\/\/www.facebook.com\/Terres-Paysannes-448603101968202<\/a><\/p>\n\n\n\n<hr class=\"wp-block-separator has-css-opacity\"\/>\n\n\n\n<h2 class=\"wp-block-heading\">Val\u00e9rie VIALLA | Ol\u00e9icultrice<br><\/h2>\n\n\n\n<div class=\"wp-block-media-text alignwide has-media-on-the-right\" style=\"grid-template-columns:auto 37%\"><div class=\"wp-block-media-text__content\">\n<p class=\"has-text-align-left has-medium-font-size\">Val\u00e9rie vous propose des olives, de l\u2019huile et de la tapenade. <\/p>\n\n\n\n<p class=\"has-medium-font-size\">Contact :<br>Mobile : 06 83 13 76 38 <br>E-mail : <a rel=\"noreferrer noopener\" aria-label=\"valerie.vialla0260@orange.fr  (s\u2019ouvre dans un nouvel onglet)\" href=\"http:\/\/valerie.vialla0260@orange.fr\" target=\"_blank\">valerie.vialla0260@orange.fr <\/a><br>Site :  <a href=\"https:\/\/www.oulivie.com\/\">h<\/a><a rel=\"noreferrer noopener\" aria-label=\"ttps:\/\/www.oulivie.com\/  (s\u2019ouvre dans un nouvel onglet)\" href=\"https:\/\/www.oulivie.com\/\" target=\"_blank\">ttps:\/\/www.oulivie.com\/ <\/a><\/p>\n<\/div><figure class=\"wp-block-media-text__media\"><img loading=\"lazy\" decoding=\"async\" width=\"336\" height=\"340\" src=\"http:\/\/www.paysansantigone.fr\/wp-content\/mesimages\/VALERIE-VIALLA-CERCLE.png\" alt=\"\" class=\"wp-image-1657 size-full\" srcset=\"https:\/\/www.paysansantigone.fr\/wp-content\/mesimages\/VALERIE-VIALLA-CERCLE.png 336w, https:\/\/www.paysansantigone.fr\/wp-content\/mesimages\/VALERIE-VIALLA-CERCLE-316x320.png 316w\" sizes=\"auto, (max-width: 336px) 100vw, 336px\" \/><\/figure><\/div>\n\n\n\n<p><\/p>\n","protected":false},"excerpt":{"rendered":"<p>Alain SAQUET | Mara\u00eecher Alain SAQUET vous propose des fruits, des l\u00e9gumes et des fleurs de saisons. Chantal GAZAGNES | Arboricultrice Chantal GAZAGNES vous propose les fruits de saison cultiv\u00e9s par la famille depuis 2 g\u00e9n\u00e9rations : des kiwis, kakis, fuyus, pommes, poires, raisins, courges, past\u00e8ques, chayottes et fe\u00efjoas. Contact:Mobile : 06 12 51 19 [&hellip;]<\/p>\n","protected":false},"author":6,"featured_media":0,"parent":1601,"menu_order":0,"comment_status":"closed","ping_status":"closed","template":"","meta":{"footnotes":""},"class_list":["post-1640","page","type-page","status-publish","hentry"],"_links":{"self":[{"href":"https:\/\/www.paysansantigone.fr\/index.php?rest_route=\/wp\/v2\/pages\/1640","targetHints":{"allow":["GET"]}}],"collection":[{"href":"https:\/\/www.paysansantigone.fr\/index.php?rest_route=\/wp\/v2\/pages"}],"about":[{"href":"https:\/\/www.paysansantigone.fr\/index.php?rest_route=\/wp\/v2\/types\/page"}],"author":[{"embeddable":true,"href":"https:\/\/www.paysansantigone.fr\/index.php?rest_route=\/wp\/v2\/users\/6"}],"replies":[{"embeddable":true,"href":"https:\/\/www.paysansantigone.fr\/index.php?rest_route=%2Fwp%2Fv2%2Fcomments&post=1640"}],"version-history":[{"count":23,"href":"https:\/\/www.paysansantigone.fr\/index.php?rest_route=\/wp\/v2\/pages\/1640\/revisions"}],"predecessor-version":[{"id":2042,"href":"https:\/\/www.paysansantigone.fr\/index.php?rest_route=\/wp\/v2\/pages\/1640\/revisions\/2042"}],"up":[{"embeddable":true,"href":"https:\/\/www.paysansantigone.fr\/index.php?rest_route=\/wp\/v2\/pages\/1601"}],"wp:attachment":[{"href":"https:\/\/www.paysansantigone.fr\/index.php?rest_route=%2Fwp%2Fv2%2Fmedia&parent=1640"}],"curies":[{"name":"wp","href":"https:\/\/api.w.org\/{rel}","templated":true}]}}